{"id":3054,"date":"2020-12-02T16:44:00","date_gmt":"2020-12-02T16:44:00","guid":{"rendered":"http:\/\/clapat.ro\/themes\/wordpress-test\/?post_type=rayden_portfolio&#038;p=3054"},"modified":"2022-02-03T17:04:56","modified_gmt":"2022-02-03T17:04:56","slug":"inicio","status":"publish","type":"rayden_portfolio","link":"https:\/\/www.jimenezgodoy.com\/fr\/servicio\/inicio\/","title":{"rendered":"INICIO"},"content":{"rendered":"\n<div class=\"wp-block-rayden-gutenberg-container row_padding_top row_padding_bottom small text-align-center\" style=\"background-color:transparent;text-align:left\">\n<h1 class=\"has-text-align-center has-mask nosotros font_family_caption wp-block-heading\" id=\"about\">Nous<\/h1>\n\n\n\n<p class=\"has-text-align-center has-animation has-text-color\" style=\"color:#afacac\"><strong><span style=\"color:#afacac\" class=\"has-inline-color\">La famille Jim\u00e9nez Godoy<\/span><\/strong><\/p>\n\n\n\n<div style=\"height:60px\" aria-hidden=\"true\" class=\"wp-block-spacer\"><\/div>\n\n\n\n<h1 class=\"has-text-align-center font_family_caption home_sub_caption has-black-color has-text-color has-large-font-size wp-block-heading\" id=\"nosotros\">Unis autour du m\u00e9tier des arts graphiques.<\/h1>\n<\/div>\n\n\n\n<div class=\"wp-block-rayden-gutenberg-container medium\" style=\"background-color:#ffffff;text-align:left\">\n<div class=\"wp-block-rayden-gutenberg-container text-align-center\" style=\"background-color:transparent;text-align:left\">\n<div class=\"wp-block-columns is-layout-flex wp-container-core-columns-is-layout-9d6595d7 wp-block-columns-is-layout-flex\">\n<div class=\"wp-block-column is-layout-flow wp-block-column-is-layout-flow\" style=\"flex-basis:66.66%\">\n<p class=\"has-animation has-normal-font-size\">Nous sommes une entreprise familiale espagnole, leader dans le secteur des arts graphiques, avec plus de 50 ans d&#8217;exp\u00e9rience sur le march\u00e9. Notre si\u00e8ge social est situ\u00e9 \u00e0 Murcia avec une superficie de 50.000 m2 o\u00f9 nous imprimons selon les proc\u00e9d\u00e9s issus des demandes de nos clients nationaux et internationaux.<\/p>\n\n\n\n<p class=\"has-animation\"><br>Il existe chez Jim\u00e9nez Godoy une v\u00e9ritable passion pour le m\u00e9tier des arts graphiques, un h\u00e9ritage des fondateurs intact \u00e0 ce jour 50 ans apr\u00e8s sa cr\u00e9ation dot\u00e9 d\u2019une grande capacit\u00e9 technologique novatrice et qui en assure sa p\u00e9rennit\u00e9.<\/p>\n\n\n\n<p class=\"has-animation\"><br>Nous sommes pr\u00e9sents en Espagne : Murcia, Madrid, Barcelone, Malaga et Valence.<\/p>\n<\/div>\n\n\n\n<div class=\"wp-block-column is-layout-flow wp-block-column-is-layout-flow\" style=\"flex-basis:33.33%\"><\/div>\n<\/div>\n<\/div>\n\n\n\n<div style=\"height:60px\" aria-hidden=\"true\" class=\"wp-block-spacer\"><\/div>\n\n\n\n<div class=\"wp-block-rayden-gutenberg-container\" style=\"background-color:#ffffff;text-align:left\">\n<figure class=\"wp-block-video\"><video height=\"1080\" style=\"aspect-ratio: 1920 \/ 1080;\" width=\"1920\" controls poster=\"https:\/\/www.jimenezgodoy.com\/fr\/cms\/wp-content\/uploads\/2020\/12\/caratula-video-1.jpg\" preload=\"none\" src=\"https:\/\/www.jimenezgodoy.com\/fr\/cms\/wp-content\/uploads\/2020\/12\/Jimenez-Godoy-V4.mp4\" playsinline><\/video><\/figure>\n\n\n\n<div style=\"height:60px\" aria-hidden=\"true\" class=\"wp-block-spacer\"><\/div>\n\n\n\n<div class=\"wp-block-rayden-gutenberg-container historia\" style=\"background-color:#ffffff;text-align:left\">\n<h1 class=\"has-text-align-left has-mask wp-block-heading\" id=\"history\" style=\"font-size:60px\">Historique<\/h1>\n\n\n\n<div class=\"wp-block-rayden-gutenberg-container medium text-align-center\" style=\"background-color:transparent;text-align:left\">\n<div class=\"wp-block-columns is-layout-flex wp-container-core-columns-is-layout-9d6595d7 wp-block-columns-is-layout-flex\">\n<div class=\"wp-block-column is-layout-flow wp-block-column-is-layout-flow\" style=\"flex-basis:66.66%\">\n<p class=\"has-animation\">Notre entreprise a d\u00e9but\u00e9 localement et a atteint aujourd&#8217;hui une port\u00e9e internationale.<br>La flexibilit\u00e9 aupr\u00e8s de notre service relation client personnalis\u00e9, la ma\u00eetrise compl\u00e8te de la cha\u00eene graphique, la rapidit\u00e9 d\u2019ex\u00e9cution de notre service livraison et nos prix comp\u00e9titifs sont au coeur de notre entreprise.<\/p>\n<\/div>\n\n\n\n<div class=\"wp-block-column is-layout-flow wp-block-column-is-layout-flow\" style=\"flex-basis:33.33%\"><\/div>\n<\/div>\n\n\n\n<div style=\"height:60px\" aria-hidden=\"true\" class=\"wp-block-spacer\"><\/div>\n<\/div>\n<\/div>\n\n\n\n<div id=\"timeline_carousel_cnt\"><div id=\"timeline_carousel_cnt_inner\"><div id=\"timeline_carousel\" class=\"owl-carousel\"><div class=\"item timeline_carousel_item timeline_carousel_item_1 timeline_carousel_item_type_a\"><div class=\"timeline_carousel_item_inner\"><div><span class=\"timeline_carousel_item_title\">Ann\u00e9es<\/span><span class=\"timeline_carousel_item_number\">60<\/span><span class=\"timeline_carousel_item_text_cnt\"><span class=\"timeline_carousel_item_text\">M. Jim\u00e9nez L\u00f3pez a commenc\u00e9 sa carri\u00e8re dans les arts graphiques \u00e0 Murcia. Il composait les caract\u00e8res au plomb lettre par lettre pour les imprimer avec son \u00e9pouse : Mme Encarnita Godoy, qui dirige le d\u00e9partement financier, ils cr\u00e9ent l'imprimerie Jim\u00e9nez Godoy.<\/span><\/span><span class=\"timeline_carousel_item_img\"><span class=\"fbg\" style=\"background-image:url('https:\/\/www.jimenezgodoy.com\/fr\/cms\/wp-content\/uploads\/2021\/12\/60.jpg');\"><\/span><\/span><\/div><span class=\"timeline_carousel_item_line\"><\/span><\/div><\/div><div class=\"item timeline_carousel_item timeline_carousel_item_2 timeline_carousel_item_type_b\"><div class=\"timeline_carousel_item_inner\"><div><span class=\"timeline_carousel_item_title\">Ann\u00e9es<\/span><span class=\"timeline_carousel_item_number\">70<\/span><span class=\"timeline_carousel_item_text_cnt\"><span class=\"timeline_carousel_item_text\">Il commence la croissance de son \u00e9tablissement en d\u00e9finissant de futurs param\u00e8tres :  l\u2019impression d\u2019\u00e9tiquettes et d'autres petits travaux commerciaux, en utilisant des photolithes en 1 ou 2 couleurs.<\/span><\/span><span class=\"timeline_carousel_item_img\"><span class=\"fbg\" style=\"background-image:url('https:\/\/www.jimenezgodoy.com\/fr\/cms\/wp-content\/uploads\/2021\/12\/70.jpg');\"><\/span><\/span><\/div><span class=\"timeline_carousel_item_line\"><\/span><\/div><\/div><div class=\"item timeline_carousel_item timeline_carousel_item_3 timeline_carousel_item_type_a\"><div class=\"timeline_carousel_item_inner\"><div><span class=\"timeline_carousel_item_title\">Ann\u00e9es<\/span><span class=\"timeline_carousel_item_number\">80<\/span><span class=\"timeline_carousel_item_text_cnt\"><span class=\"timeline_carousel_item_text\">Le boom \u00e9conomique de Murcie et de l'Espagne en g\u00e9n\u00e9ral s'intensifie, entra\u00een\u00e9 en partie par l'entr\u00e9e du pays dans l'UE. Ce sc\u00e9nario permet d'investir dans des machines 6 couleurs.<\/span><\/span><span class=\"timeline_carousel_item_img\"><span class=\"fbg\" style=\"background-image:url('https:\/\/www.jimenezgodoy.com\/fr\/cms\/wp-content\/uploads\/2021\/12\/80.jpg');\"><\/span><\/span><\/div><span class=\"timeline_carousel_item_line\"><\/span><\/div><\/div><div class=\"item timeline_carousel_item timeline_carousel_item_4 timeline_carousel_item_type_b\"><div class=\"timeline_carousel_item_inner\"><div><span class=\"timeline_carousel_item_title\">Ann\u00e9es<\/span><span class=\"timeline_carousel_item_number\">90<\/span><span class=\"timeline_carousel_item_text_cnt\"><span class=\"timeline_carousel_item_text\">L'entreprise d\u00e9m\u00e9nage dans les locaux actuels. Le tournage pixel et laser num\u00e9rique s'\u00e9tablit, un saut quantitatif et qualitatif. Les premi\u00e8res presses sont incorpor\u00e9es et de nouveaux march\u00e9s s\u2019ouvrent \u00e0 l\u2019imprimerie. Le traditionnel passe au num\u00e9rique et le processus d'impression s'industrialise.<\/span><\/span><span class=\"timeline_carousel_item_img\"><span class=\"fbg\" style=\"background-image:url('https:\/\/www.jimenezgodoy.com\/fr\/cms\/wp-content\/uploads\/2021\/12\/Rotativa7.jpg');\"><\/span><\/span><\/div><span class=\"timeline_carousel_item_line\"><\/span><\/div><\/div><div class=\"item timeline_carousel_item timeline_carousel_item_5 timeline_carousel_item_type_a\"><div class=\"timeline_carousel_item_inner\"><div><span class=\"timeline_carousel_item_title\">Ann\u00e9es<\/span><span class=\"timeline_carousel_item_number\">2000<\/span><span class=\"timeline_carousel_item_text_cnt\"><span class=\"timeline_carousel_item_text\">L\u2019imprimerie s\u2019est consolid\u00e9e en tant que marque leader au niveau national et international et la capacit\u00e9 des presses s\u2019est \u00e9largie, int\u00e9grant la reliure comme service compl\u00e9mentaire. \u00c0 la fin de la d\u00e9cennie, la qualit\u00e9 des installations s\u2019est am\u00e9lior\u00e9e et le personnel a \u00e9t\u00e9 recrut\u00e9 de mani\u00e8re significative.<\/span><\/span><span class=\"timeline_carousel_item_img\"><span class=\"fbg\" style=\"background-image:url('https:\/\/www.jimenezgodoy.com\/fr\/cms\/wp-content\/uploads\/2021\/12\/2000.jpg');\"><\/span><\/span><\/div><span class=\"timeline_carousel_item_line\"><\/span><\/div><\/div><div class=\"item timeline_carousel_item timeline_carousel_item_6 timeline_carousel_item_type_b\"><div class=\"timeline_carousel_item_inner\"><div><span class=\"timeline_carousel_item_title\">Ann\u00e9es<\/span><span class=\"timeline_carousel_item_number\">2010<\/span><span class=\"timeline_carousel_item_text_cnt\"><span class=\"timeline_carousel_item_text\">Les installations se sont intensifi\u00e9es en int\u00e9grant une nouvelle usine d'impression sur films, adh\u00e9sifs et mat\u00e9riaux d'emballage souples.<\/span><\/span><span class=\"timeline_carousel_item_img\"><span class=\"fbg\" style=\"background-image:url('https:\/\/www.jimenezgodoy.com\/fr\/cms\/wp-content\/uploads\/2021\/12\/2010.jpg');\"><\/span><\/span><\/div><span class=\"timeline_carousel_item_line\"><\/span><\/div><\/div><div class=\"item timeline_carousel_item timeline_carousel_item_7 timeline_carousel_item_type_a\"><div class=\"timeline_carousel_item_inner\"><div><span class=\"timeline_carousel_item_title\">Ann\u00e9es<\/span><span class=\"timeline_carousel_item_number\">2020<\/span><span class=\"timeline_carousel_item_text_cnt\"><span class=\"timeline_carousel_item_text\">La part des films, des adh\u00e9sifs, des mat\u00e9riaux d'emballage souples et des \u00e9co emballages continue de cro\u00eetre avec, entre autres, davantage de machines d'impression offset et flexo. Actuellement, l'entreprise dispose de plus de 50.000 m2 d'installations.<\/span><\/span><span class=\"timeline_carousel_item_img\"><span class=\"fbg\" style=\"background-image:url('https:\/\/www.jimenezgodoy.com\/fr\/cms\/wp-content\/uploads\/2021\/12\/2020.jpg');\"><\/span><\/span><\/div><span class=\"timeline_carousel_item_line\"><\/span><\/div><\/div><\/div><\/div><\/div>\n\n\n\n<p><\/p>\n<\/div>\n\n\n\n<div style=\"height:60px\" aria-hidden=\"true\" class=\"wp-block-spacer\"><\/div>\n\n\n\n<div class=\"wp-block-rayden-gutenberg-container full\" style=\"background-color:#f2f2f2;text-align:left\">\n<figure class=\"wp-block-image size-full has-animation has-scale-vertical\"><img loading=\"lazy\" decoding=\"async\" width=\"1920\" height=\"895\" src=\"https:\/\/www.jimenezgodoy.com\/fr\/cms\/wp-content\/uploads\/2021\/11\/Jimenes_godoy_artes_graficas_barcelona.jpg\" alt=\"\" class=\"wp-image-96\" srcset=\"https:\/\/www.jimenezgodoy.com\/fr\/cms\/wp-content\/uploads\/2021\/11\/Jimenes_godoy_artes_graficas_barcelona.jpg 1920w, https:\/\/www.jimenezgodoy.com\/fr\/cms\/wp-content\/uploads\/2021\/11\/Jimenes_godoy_artes_graficas_barcelona-300x140.jpg 300w, https:\/\/www.jimenezgodoy.com\/fr\/cms\/wp-content\/uploads\/2021\/11\/Jimenes_godoy_artes_graficas_barcelona-1024x477.jpg 1024w, https:\/\/www.jimenezgodoy.com\/fr\/cms\/wp-content\/uploads\/2021\/11\/Jimenes_godoy_artes_graficas_barcelona-768x358.jpg 768w, https:\/\/www.jimenezgodoy.com\/fr\/cms\/wp-content\/uploads\/2021\/11\/Jimenes_godoy_artes_graficas_barcelona-1536x716.jpg 1536w, https:\/\/www.jimenezgodoy.com\/fr\/cms\/wp-content\/uploads\/2021\/11\/Jimenes_godoy_artes_graficas_barcelona-1080x503.jpg 1080w, https:\/\/www.jimenezgodoy.com\/fr\/cms\/wp-content\/uploads\/2021\/11\/Jimenes_godoy_artes_graficas_barcelona-1280x597.jpg 1280w, https:\/\/www.jimenezgodoy.com\/fr\/cms\/wp-content\/uploads\/2021\/11\/Jimenes_godoy_artes_graficas_barcelona-980x457.jpg 980w, https:\/\/www.jimenezgodoy.com\/fr\/cms\/wp-content\/uploads\/2021\/11\/Jimenes_godoy_artes_graficas_barcelona-480x224.jpg 480w\" sizes=\"auto, (max-width: 1920px) 100vw, 1920px\" \/><\/figure>\n<\/div>\n<\/div>\n\n\n\n<div style=\"height:60px\" aria-hidden=\"true\" class=\"wp-block-spacer\"><\/div>\n\n\n\n<div class=\"wp-block-rayden-gutenberg-container\" style=\"background-color:#ffffff;padding-top:80px;padding-bottom:80px;text-align:left\">\n<h1 class=\"has-text-align-right has-mask wp-block-heading\" id=\"brand\" style=\"font-size:60px\">Marque<\/h1>\n\n\n\n<div style=\"height:60px\" aria-hidden=\"true\" class=\"wp-block-spacer\"><\/div>\n\n\n\n<div class=\"wp-block-rayden-gutenberg-container row_padding_top row_padding_bottom\" style=\"background-color:#ffffff;padding-left:20px;padding-right:20px;text-align:left\">\n<div class=\"wp-block-columns is-layout-flex wp-container-core-columns-is-layout-9d6595d7 wp-block-columns-is-layout-flex\">\n<div class=\"wp-block-column is-layout-flow wp-block-column-is-layout-flow\" style=\"flex-basis:33.33%\">\n<h3 class=\"has-text-align-left has-mask wp-block-heading\">Notre vision<\/h3>\n<\/div>\n\n\n\n<div class=\"wp-block-column is-layout-flow wp-block-column-is-layout-flow\" style=\"flex-basis:66.66%\">\n<p class=\"has-animation\">\u00c9largir la profession des arts graphiques, en facilitant de mani\u00e8re int\u00e9grale la cha\u00eene de communication au niveau mondial. Nous cr\u00e9ons des produits visuels qui am\u00e9liorent la vie des gens.<\/p>\n<\/div>\n<\/div>\n\n\n\n<hr class=\"white-line has-animation\">\n\n\n\n<div class=\"wp-block-columns is-layout-flex wp-container-core-columns-is-layout-9d6595d7 wp-block-columns-is-layout-flex\" id=\"row_padding_all\">\n<div class=\"wp-block-column is-layout-flow wp-block-column-is-layout-flow\" style=\"flex-basis:33.33%\">\n<h3 class=\"has-text-align-left has-mask wp-block-heading\">Notre mission<\/h3>\n<\/div>\n\n\n\n<div class=\"wp-block-column is-layout-flow wp-block-column-is-layout-flow\" style=\"flex-basis:66.66%\">\n<p class=\"has-animation\">Transmettre efficacement et rapidement les informations imprim\u00e9es au niveau mondial.<\/p>\n<\/div>\n<\/div>\n\n\n\n<hr class=\"white-line has-animation\">\n\n\n\n<div class=\"wp-block-columns is-layout-flex wp-container-core-columns-is-layout-9d6595d7 wp-block-columns-is-layout-flex\" id=\"row_padding_all\">\n<div class=\"wp-block-column is-layout-flow wp-block-column-is-layout-flow\" style=\"flex-basis:33.33%\">\n<h3 class=\"has-text-align-left has-mask wp-block-heading\">Nos valeurs<\/h3>\n<\/div>\n\n\n\n<div class=\"wp-block-column is-layout-flow wp-block-column-is-layout-flow\" style=\"flex-basis:66.66%\">\n<p class=\"has-animation\"><strong>Qualit\u00e9 : En premier lieu.<br><\/strong>Etre \u00e0 l&#8217;\u00e9coute de nos clients qui sont le moteur de cette entreprise. Leur succ\u00e8s est aussi le n\u00f4tre.<\/p>\n\n\n\n<p><\/p>\n\n\n\n<p class=\"has-animation\"><strong>Engagement : La confiance avant tout.<br><\/strong>Nous cr\u00e9ons des liens permanents tout au long de nos \u00e9changes avec les clients, les fournisseurs et les travailleurs, bas\u00e9s sur la confiance et la collaboration. Dans un monde o\u00f9 tout est dynamisme, l&#8217;\u00e9quipe de Jim\u00e9nez Godoy travaille quotidiennement la pers\u00e9v\u00e9rance.<\/p>\n\n\n\n<p><\/p>\n\n\n\n<p class=\"has-animation\"><strong>Service : Nous sommes passionn\u00e9s par ce que nous fabriquons.<br><\/strong>L&#8217;infrastructure unique de Jim\u00e9nez Godoy nous permet d&#8217;am\u00e9liorer et d&#8217;adapter constamment notre offre de services, gr\u00e2ce \u00e0 des conseils personnalis\u00e9s sur des solutions innovantes qui r\u00e9pondent \u00e0 l&#8217;\u00e9volution du march\u00e9. Quelle que soit la taille du projet, notre \u00e9quipe est disponible.<\/p>\n\n\n\n<p><\/p>\n\n\n\n<p class=\"has-animation\"><strong>Excellence : Obs\u00e9d\u00e9 par la surprise.<br><\/strong>Nous sommes leaders dans ce que nous r\u00e9alisons. Nous travaillons selon les normes les plus \u00e9lev\u00e9es de l&#8217;industrie pour nos processus de production. L&#8217;excellence est notre cachet.<\/p>\n<\/div>\n<\/div>\n\n\n\n<hr class=\"white-line has-animation\">\n\n\n\n<div class=\"wp-block-columns is-layout-flex wp-container-core-columns-is-layout-9d6595d7 wp-block-columns-is-layout-flex\" id=\"row_padding_all\">\n<div class=\"wp-block-column is-layout-flow wp-block-column-is-layout-flow\" style=\"flex-basis:33.33%\">\n<h3 class=\"has-text-align-left has-mask wp-block-heading\">Notre \u00e9quipe<\/h3>\n<\/div>\n\n\n\n<div class=\"wp-block-column is-layout-flow wp-block-column-is-layout-flow\" style=\"flex-basis:66.66%\">\n<p class=\"has-animation\">La vraie valeur de Jim\u00e9nez Godoy r\u00e9side dans les personnes qui, depuis des d\u00e9cennies, ont construit cette entreprise avec nous. Nous tenons \u00e0 remercier, nos employ\u00e9s, pour leur engagement et leur fid\u00e9lit\u00e9. Merci de faire partie de notre famille.<\/p>\n<\/div>\n<\/div>\n\n\n\n<hr class=\"white-line has-animation\">\n<\/div>\n\n\n\n<div style=\"height:103px\" aria-hidden=\"true\" class=\"wp-block-spacer\"><\/div>\n\n\n\n<h1 class=\"has-text-align-left has-mask wp-block-heading\" id=\"sustainability\" style=\"font-size:60px\">Durabilit\u00e9<\/h1>\n\n\n\n<div class=\"wp-block-rayden-gutenberg-container medium text-align-center\" style=\"background-color:transparent;text-align:left\">\n<div class=\"wp-block-columns is-layout-flex wp-container-core-columns-is-layout-9d6595d7 wp-block-columns-is-layout-flex\">\n<div class=\"wp-block-column is-layout-flow wp-block-column-is-layout-flow\" style=\"flex-basis:66.66%\">\n<p class=\"has-animation\">Jim\u00e9nez Godoy au sein de ses op\u00e9rations, reconna\u00eet la qualit\u00e9 et la r\u00e9duction de l&#8217;impact environnemental comme deux principes de base dans le but et le contexte de l&#8217;organisation elle-m\u00eame.<br><\/p>\n\n\n\n<p class=\"has-animation\">Dans ce cadre, nous avons une politique environnementale et un plan d&#8217;investissement environnemental 2018 &#8211; 2023. C&#8217;est la carte de navigation pour garantir que nos activit\u00e9s soient men\u00e9es avec un tr\u00e8s haut niveau de qualit\u00e9, dans le respect du cadre op\u00e9rationnel de sant\u00e9 et s\u00e9curit\u00e9 : recyclage des mati\u00e8res premi\u00e8res, un traitement ad\u00e9quat des d\u00e9chets et la pr\u00e9vention de la pollution de l&#8217;air et du bruit.<\/p>\n<\/div>\n\n\n\n<div class=\"wp-block-column is-layout-flow wp-block-column-is-layout-flow\" style=\"flex-basis:33.33%\"><\/div>\n<\/div>\n<\/div>\n\n\n\n<div class=\"wp-block-image has-animation has-scale-vertical\"><figure class=\"aligncenter size-full\"><img loading=\"lazy\" decoding=\"async\" width=\"1905\" height=\"1270\" src=\"https:\/\/www.jimenezgodoy.com\/fr\/cms\/wp-content\/uploads\/2021\/11\/sostenibilidad.jpg\" alt=\"\" class=\"wp-image-3928\" srcset=\"https:\/\/www.jimenezgodoy.com\/fr\/cms\/wp-content\/uploads\/2021\/11\/sostenibilidad.jpg 1905w, https:\/\/www.jimenezgodoy.com\/fr\/cms\/wp-content\/uploads\/2021\/11\/sostenibilidad-300x200.jpg 300w, https:\/\/www.jimenezgodoy.com\/fr\/cms\/wp-content\/uploads\/2021\/11\/sostenibilidad-1024x683.jpg 1024w, https:\/\/www.jimenezgodoy.com\/fr\/cms\/wp-content\/uploads\/2021\/11\/sostenibilidad-768x512.jpg 768w, https:\/\/www.jimenezgodoy.com\/fr\/cms\/wp-content\/uploads\/2021\/11\/sostenibilidad-1536x1024.jpg 1536w\" sizes=\"auto, (max-width: 1905px) 100vw, 1905px\" \/><\/figure><\/div>\n<\/div>\n\n\n\n<div class=\"wp-block-rayden-gutenberg-container ow_padding_top row_padding_bottom\" style=\"background-color:transparent;text-align:left\">\n<div style=\"height:100px\" aria-hidden=\"true\" class=\"wp-block-spacer\"><\/div>\n\n\n\n<h1 class=\"has-text-align-center has-mask wp-block-heading\" id=\"sostenibilidad-page\" style=\"font-size:60px\">Certifications<\/h1>\n\n\n\n<div style=\"height:40px\" aria-hidden=\"true\" class=\"wp-block-spacer\"><\/div>\n\n\n\n<div class=\"wp-block-columns are-vertically-aligned-center is-layout-flex wp-container-core-columns-is-layout-9d6595d7 wp-block-columns-is-layout-flex\" id=\"row_padding_all\">\n<div class=\"wp-block-column is-vertically-aligned-center is-layout-flow wp-block-column-is-layout-flow\" style=\"flex-basis:33.33%\">\n<div class=\"wp-block-image has-animation has-scale-vertical\"><figure class=\"aligncenter size-full is-resized\"><img loading=\"lazy\" decoding=\"async\" src=\"https:\/\/www.jimenezgodoy.com\/fr\/cms\/wp-content\/uploads\/2021\/11\/certificaciones.jpg\" alt=\"\" class=\"wp-image-3779\" width=\"72\" height=\"72\" srcset=\"https:\/\/www.jimenezgodoy.com\/fr\/cms\/wp-content\/uploads\/2021\/11\/certificaciones.jpg 289w, https:\/\/www.jimenezgodoy.com\/fr\/cms\/wp-content\/uploads\/2021\/11\/certificaciones-150x150.jpg 150w\" sizes=\"auto, (max-width: 72px) 100vw, 72px\" \/><\/figure><\/div>\n<\/div>\n\n\n\n<div class=\"wp-block-column is-vertically-aligned-center is-layout-flow wp-block-column-is-layout-flow\" style=\"flex-basis:66.66%\">\n<p class=\"has-animation\">La norme internationale ISO (International Organization for Standardization) normalise le syst\u00e8me de gestion de la qualit\u00e9 de l&#8217;entreprise.<\/p>\n<\/div>\n<\/div>\n\n\n\n<hr class=\"white-line has-animation\">\n\n\n\n<div class=\"wp-block-columns are-vertically-aligned-center is-layout-flex wp-container-core-columns-is-layout-9d6595d7 wp-block-columns-is-layout-flex\" id=\"row_padding_all\">\n<div class=\"wp-block-column is-vertically-aligned-center is-layout-flow wp-block-column-is-layout-flow\" style=\"flex-basis:33.33%\">\n<div class=\"wp-block-image has-animation has-scale-vertical\"><figure class=\"aligncenter size-full is-resized\"><img loading=\"lazy\" decoding=\"async\" src=\"https:\/\/www.jimenezgodoy.com\/fr\/cms\/wp-content\/uploads\/2021\/11\/certificaciones2.jpg\" alt=\"\" class=\"wp-image-3780\" width=\"72\" height=\"72\" srcset=\"https:\/\/www.jimenezgodoy.com\/fr\/cms\/wp-content\/uploads\/2021\/11\/certificaciones2.jpg 289w, https:\/\/www.jimenezgodoy.com\/fr\/cms\/wp-content\/uploads\/2021\/11\/certificaciones2-150x150.jpg 150w\" sizes=\"auto, (max-width: 72px) 100vw, 72px\" \/><\/figure><\/div>\n<\/div>\n\n\n\n<div class=\"wp-block-column is-vertically-aligned-center is-layout-flow wp-block-column-is-layout-flow\" style=\"flex-basis:66.66%\">\n<p class=\"has-animation\">Le certificat FSC (Forest Stewardship Council) valide que les normes nationales pour la gestion responsable des for\u00eats soient respect\u00e9es.<\/p>\n<\/div>\n<\/div>\n\n\n\n<hr class=\"white-line has-animation\">\n\n\n\n<div class=\"wp-block-columns are-vertically-aligned-center is-layout-flex wp-container-core-columns-is-layout-9d6595d7 wp-block-columns-is-layout-flex\" id=\"row_padding_all\">\n<div class=\"wp-block-column is-vertically-aligned-center is-layout-flow wp-block-column-is-layout-flow\" style=\"flex-basis:33.33%\">\n<div class=\"wp-block-image has-animation has-scale-vertical\"><figure class=\"aligncenter size-full is-resized\"><img loading=\"lazy\" decoding=\"async\" src=\"https:\/\/www.jimenezgodoy.com\/fr\/cms\/wp-content\/uploads\/2021\/11\/certificaciones3.jpg\" alt=\"\" class=\"wp-image-3781\" width=\"72\" height=\"72\" srcset=\"https:\/\/www.jimenezgodoy.com\/fr\/cms\/wp-content\/uploads\/2021\/11\/certificaciones3.jpg 289w, https:\/\/www.jimenezgodoy.com\/fr\/cms\/wp-content\/uploads\/2021\/11\/certificaciones3-150x150.jpg 150w\" sizes=\"auto, (max-width: 72px) 100vw, 72px\" \/><\/figure><\/div>\n<\/div>\n\n\n\n<div class=\"wp-block-column is-vertically-aligned-center is-layout-flow wp-block-column-is-layout-flow\" style=\"flex-basis:66.66%\">\n<p class=\"has-animation\">La certification PEFC (Program for the Endorsement of Forest Certification) est la certification de la cha\u00eene de contr\u00f4le qui fournit une assurance v\u00e9rifi\u00e9e et ind\u00e9pendante que les produits labellis\u00e9s PEFC contiennent du mat\u00e9riel forestier certifi\u00e9 provenant de for\u00eats g\u00e9r\u00e9es de mani\u00e8re durable.<\/p>\n<\/div>\n<\/div>\n\n\n\n<div class=\"wp-block-columns are-vertically-aligned-center is-layout-flex wp-container-core-columns-is-layout-9d6595d7 wp-block-columns-is-layout-flex\" id=\"row_padding_all\">\n<div class=\"wp-block-column is-vertically-aligned-center is-layout-flow wp-block-column-is-layout-flow\" style=\"flex-basis:66.66%\"><\/div>\n<\/div>\n\n\n\n<div style=\"height:100px\" aria-hidden=\"true\" class=\"wp-block-spacer\"><\/div>\n\n\n\n<div class=\"wp-block-rayden-gutenberg-container medium home_text_final\" style=\"background-color:transparent;text-align:left\">\n<div class=\"wp-block-rayden-gutenberg-container row_padding_top row_padding_bottom\" style=\"background-color:transparent;padding-left:60px;padding-right:60px;text-align:left\">\n<h3 class=\"has-text-align-center has-mask font_family_caption wp-block-heading\">Notre engagement envers la durabilit\u00e9 se traduit \u00e0 rechercher &#8211; par l&#8217;innovation &#8211; des solutions plus respectueuses de l&#8217;environnement, en les appliquant \u00e0 l&#8217;ensemble du processus productif que nous r\u00e9alisons.<\/h3>\n<\/div>\n<\/div>\n<\/div>\n\n\n\n<p><\/p>\n","protected":false},"template":"","portfolio_category":[27],"class_list":["post-3054","rayden_portfolio","type-rayden_portfolio","status-publish","hentry","portfolio_category-design"],"acf":[],"_links":{"self":[{"href":"https:\/\/www.jimenezgodoy.com\/fr\/wp-json\/wp\/v2\/rayden_portfolio\/3054","targetHints":{"allow":["GET"]}}],"collection":[{"href":"https:\/\/www.jimenezgodoy.com\/fr\/wp-json\/wp\/v2\/rayden_portfolio"}],"about":[{"href":"https:\/\/www.jimenezgodoy.com\/fr\/wp-json\/wp\/v2\/types\/rayden_portfolio"}],"wp:attachment":[{"href":"https:\/\/www.jimenezgodoy.com\/fr\/wp-json\/wp\/v2\/media?parent=3054"}],"wp:term":[{"taxonomy":"portfolio_category","embeddable":true,"href":"https:\/\/www.jimenezgodoy.com\/fr\/wp-json\/wp\/v2\/portfolio_category?post=3054"}],"curies":[{"name":"wp","href":"https:\/\/api.w.org\/{rel}","templated":true}]}}