{"id":3054,"date":"2020-12-02T16:44:00","date_gmt":"2020-12-02T16:44:00","guid":{"rendered":"http:\/\/clapat.ro\/themes\/wordpress-test\/?post_type=rayden_portfolio&#038;p=3054"},"modified":"2023-08-09T14:44:27","modified_gmt":"2023-08-09T14:44:27","slug":"inicio","status":"publish","type":"rayden_portfolio","link":"https:\/\/www.jimenezgodoy.com\/es\/servicio\/inicio\/","title":{"rendered":"INICIO"},"content":{"rendered":"\n<div class=\"wp-block-rayden-gutenberg-container row_padding_top row_padding_bottom small text-align-center\" style=\"background-color:transparent;text-align:left\">\n<h1 class=\"wp-block-heading has-text-align-center has-mask nosotros font_family_caption\" id=\"about\">Nosotros<\/h1>\n\n\n\n<p class=\"has-text-align-center has-animation has-text-color\" style=\"color:#afacac\"><strong><span style=\"color:#afacac\" class=\"has-inline-color\">La familia Jim\u00e9nez Godoy<\/span><\/strong><\/p>\n\n\n\n<div style=\"height:60px\" aria-hidden=\"true\" class=\"wp-block-spacer\"><\/div>\n\n\n\n<h1 class=\"wp-block-heading has-text-align-center font_family_caption home_sub_caption has-black-color has-text-color has-large-font-size\" id=\"nosotros\">Unidos en torno al oficio de las artes gr\u00e1ficas.<\/h1>\n<\/div>\n\n\n\n<div class=\"wp-block-rayden-gutenberg-container medium\" style=\"background-color:#ffffff;text-align:left\">\n<div class=\"wp-block-rayden-gutenberg-container text-align-center\" style=\"background-color:transparent;text-align:left\">\n<div class=\"wp-block-columns is-layout-flex wp-container-core-columns-is-layout-9d6595d7 wp-block-columns-is-layout-flex\">\n<div class=\"wp-block-column is-layout-flow wp-block-column-is-layout-flow\" style=\"flex-basis:66.66%\">\n<p class=\"has-animation has-normal-font-size\">Somos una empresa familiar espa\u00f1ola, l\u00edder del sector de la impresi\u00f3n y las artes gr\u00e1ficas, con m\u00e1s de 50 a\u00f1os de experiencia en el mercado. La casa matriz se ubica en Murcia, con instalaciones de 50.000 m2 donde imprimimos a todo color para nuestros clientes nacionales e internacionales.<\/p>\n\n\n\n<p class=\"has-animation\"><br>En Jim\u00e9nez Godoy existe una verdadera pasi\u00f3n por el oficio de las artes gr\u00e1ficas, un legado heredado de los fundadores, intacto al d\u00eda de hoy, 50 a\u00f1os despu\u00e9s de sus inicios.<\/p>\n\n\n\n<p class=\"has-animation\"><br>Estamos en Murcia, Madrid, Barcelona, M\u00e1laga y Valencia.<\/p>\n<\/div>\n\n\n\n<div class=\"wp-block-column is-layout-flow wp-block-column-is-layout-flow\" style=\"flex-basis:33.33%\"><\/div>\n<\/div>\n<\/div>\n\n\n\n<div class=\"wp-block-rayden-gutenberg-container full\" style=\"background-color:#f2f2f2;text-align:left\">\n<figure class=\"wp-block-image size-full has-animation has-scale-vertical\"><img loading=\"lazy\" decoding=\"async\" width=\"1920\" height=\"895\" src=\"https:\/\/www.jimenezgodoy.com\/es\/cms\/wp-content\/uploads\/2021\/11\/Jimenes_godoy_artes_graficas_barcelona.jpg\" alt=\"\" class=\"wp-image-96\" srcset=\"https:\/\/www.jimenezgodoy.com\/es\/cms\/wp-content\/uploads\/2021\/11\/Jimenes_godoy_artes_graficas_barcelona.jpg 1920w, https:\/\/www.jimenezgodoy.com\/es\/cms\/wp-content\/uploads\/2021\/11\/Jimenes_godoy_artes_graficas_barcelona-300x140.jpg 300w, https:\/\/www.jimenezgodoy.com\/es\/cms\/wp-content\/uploads\/2021\/11\/Jimenes_godoy_artes_graficas_barcelona-1024x477.jpg 1024w, https:\/\/www.jimenezgodoy.com\/es\/cms\/wp-content\/uploads\/2021\/11\/Jimenes_godoy_artes_graficas_barcelona-768x358.jpg 768w, https:\/\/www.jimenezgodoy.com\/es\/cms\/wp-content\/uploads\/2021\/11\/Jimenes_godoy_artes_graficas_barcelona-1536x716.jpg 1536w, https:\/\/www.jimenezgodoy.com\/es\/cms\/wp-content\/uploads\/2021\/11\/Jimenes_godoy_artes_graficas_barcelona-1080x503.jpg 1080w, https:\/\/www.jimenezgodoy.com\/es\/cms\/wp-content\/uploads\/2021\/11\/Jimenes_godoy_artes_graficas_barcelona-1280x597.jpg 1280w, https:\/\/www.jimenezgodoy.com\/es\/cms\/wp-content\/uploads\/2021\/11\/Jimenes_godoy_artes_graficas_barcelona-980x457.jpg 980w, https:\/\/www.jimenezgodoy.com\/es\/cms\/wp-content\/uploads\/2021\/11\/Jimenes_godoy_artes_graficas_barcelona-480x224.jpg 480w\" sizes=\"auto, (max-width: 1920px) 100vw, 1920px\" \/><\/figure>\n<\/div>\n<\/div>\n\n\n\n<div style=\"height:60px\" aria-hidden=\"true\" class=\"wp-block-spacer\"><\/div>\n\n\n\n<figure class=\"wp-block-video aligncenter\"><video height=\"1080\" style=\"aspect-ratio: 1920 \/ 1080;\" width=\"1920\" controls src=\"https:\/\/www.jimenezgodoy.com\/es\/cms\/wp-content\/uploads\/2020\/12\/Jimenez-Godoy-V4.mp4\"><\/video><\/figure>\n\n\n\n<div class=\"wp-block-rayden-gutenberg-container\" style=\"background-color:#ffffff;padding-top:80px;padding-bottom:80px;text-align:left\">\n<h1 class=\"wp-block-heading has-text-align-right has-mask\" id=\"brand\" style=\"font-size:60px\">Marca<\/h1>\n\n\n\n<div style=\"height:37px\" aria-hidden=\"true\" class=\"wp-block-spacer\"><\/div>\n\n\n\n<div class=\"wp-block-rayden-gutenberg-container row_padding_top row_padding_bottom\" style=\"background-color:#ffffff;padding-left:20px;padding-right:20px;text-align:left\">\n<div class=\"wp-block-columns is-layout-flex wp-container-core-columns-is-layout-9d6595d7 wp-block-columns-is-layout-flex\">\n<div class=\"wp-block-column is-layout-flow wp-block-column-is-layout-flow\" style=\"flex-basis:33.33%\">\n<h3 class=\"has-text-align-left has-mask wp-block-heading\">Nuestra Visi\u00f3n<\/h3>\n<\/div>\n\n\n\n<div class=\"wp-block-column is-layout-flow wp-block-column-is-layout-flow\" style=\"flex-basis:66.66%\">\n<p class=\"has-animation\">Engrandecer el oficio de las artes gr\u00e1ficas, facilitando de manera integral la cadena de comunicaci\u00f3n a nivel global. Creamos productos visuales que mejoran la vida de las personas.<\/p>\n<\/div>\n<\/div>\n\n\n\n<hr class=\"white-line has-animation\">\n\n\n\n<div class=\"wp-block-columns is-layout-flex wp-container-core-columns-is-layout-9d6595d7 wp-block-columns-is-layout-flex\" id=\"row_padding_all\">\n<div class=\"wp-block-column is-layout-flow wp-block-column-is-layout-flow\" style=\"flex-basis:33.33%\">\n<h3 class=\"has-text-align-left has-mask wp-block-heading\">Nuestra Misi\u00f3n<\/h3>\n<\/div>\n\n\n\n<div class=\"wp-block-column is-layout-flow wp-block-column-is-layout-flow\" style=\"flex-basis:66.66%\">\n<p class=\"has-animation\">Transmitimos de forma eficiente y r\u00e1pida informaci\u00f3n impresa al mundo.<\/p>\n<\/div>\n<\/div>\n\n\n\n<hr class=\"white-line has-animation\">\n\n\n\n<div class=\"wp-block-columns is-layout-flex wp-container-core-columns-is-layout-9d6595d7 wp-block-columns-is-layout-flex\" id=\"row_padding_all\">\n<div class=\"wp-block-column is-layout-flow wp-block-column-is-layout-flow\" style=\"flex-basis:33.33%\">\n<h3 class=\"has-text-align-left has-mask wp-block-heading\">Nuestros Valores<\/h3>\n<\/div>\n\n\n\n<div class=\"wp-block-column is-layout-flow wp-block-column-is-layout-flow\" style=\"flex-basis:66.66%\">\n<p class=\"has-animation\"><strong>Calidad: Lo primero.<br><\/strong>Todos los procesos est\u00e1n orientadas a la satisfacci\u00f3n de nuestros clientes,<br>quienes son el motor de esta empresa. El \u00e9xito de ellos, es tambi\u00e9n el nuestro.<\/p>\n\n\n\n<p><\/p>\n\n\n\n<p class=\"has-animation\"><strong>Compromiso: La confianza ante todo.<br><\/strong>Creamos v\u00ednculos permanentes en el tiempo con clientes, proveedores y<br>trabajadores, basados en la confianza y la colaboraci\u00f3n. En un mundo de<br>escenarios din\u00e1micos, el equipo de Jim\u00e9nez Godoy trabaja con perseverancia,<br>cada d\u00eda.<\/p>\n\n\n\n<p><\/p>\n\n\n\n<p class=\"has-animation\"><strong>Servicio: Nos apasiona lo que hacemos.<br><\/strong>La infraestructura \u00fanica de Jim\u00e9nez Godoy permite mejorar y adaptar<br>constantemente nuestra oferta de servicios, mediante asesor\u00eda personalizada<br>en soluciones innovadoras que responden a la evoluci\u00f3n del mercado. Sea<br>cual sea el tama\u00f1o del proyecto, nuestro equipo est\u00e1 a disposici\u00f3n.<\/p>\n\n\n\n<p><\/p>\n\n\n\n<p class=\"has-animation\"><strong>Excelencia: Obsesionados por sorprender.<br><\/strong>Somos l\u00edderes en lo que hacemos. Trabajamos bajo los m\u00e1s altos est\u00e1ndares<br>de la industria para los procesos productivos. La excelencia es nuestra<br>estampa.<\/p>\n<\/div>\n<\/div>\n\n\n\n<hr class=\"white-line has-animation\">\n\n\n\n<div class=\"wp-block-columns is-layout-flex wp-container-core-columns-is-layout-9d6595d7 wp-block-columns-is-layout-flex\" id=\"row_padding_all\">\n<div class=\"wp-block-column is-layout-flow wp-block-column-is-layout-flow\" style=\"flex-basis:33.33%\">\n<h3 class=\"has-text-align-left has-mask wp-block-heading\">Nuestro Equipo<\/h3>\n<\/div>\n\n\n\n<div class=\"wp-block-column is-layout-flow wp-block-column-is-layout-flow\" style=\"flex-basis:66.66%\">\n<p class=\"has-animation\">El real valor de Jim\u00e9nez Godoy est\u00e1 en las personas que durante d\u00e9cadas han<br>construido esta compa\u00f1\u00eda junto a nosotros. A ellos, los trabajadores, queremos<br>agradecer su compromiso y lealtad. Gracias por ser parte de nuestra familia<\/p>\n<\/div>\n<\/div>\n\n\n\n<hr class=\"white-line has-animation\">\n<\/div>\n\n\n\n<div style=\"height:103px\" aria-hidden=\"true\" class=\"wp-block-spacer\"><\/div>\n\n\n\n<h1 class=\"wp-block-heading has-text-align-left has-mask\" id=\"sustainability\" style=\"font-size:60px\">Sostenibilidad<\/h1>\n\n\n\n<div class=\"wp-block-rayden-gutenberg-container medium text-align-center\" style=\"background-color:transparent;text-align:left\">\n<div class=\"wp-block-columns is-layout-flex wp-container-core-columns-is-layout-9d6595d7 wp-block-columns-is-layout-flex\">\n<div class=\"wp-block-column is-layout-flow wp-block-column-is-layout-flow\" style=\"flex-basis:66.66%\">\n<p class=\"has-animation\">Jim\u00e9nez Godoy dentro de sus operaciones, reconoce la calidad y la reducci\u00f3n del impacto ambiental como dos principios b\u00e1sicos dentro del prop\u00f3sito y contexto de la propia organizaci\u00f3n.<br><\/p>\n\n\n\n<p class=\"has-animation\">En este marco, contamos con una pol\u00edtica de medio ambiente y un plan de inversi\u00f3n ambiental 2018 \u2013 2023. Esta es la carta de navegaci\u00f3n para garantizar que nuestras actividades se realicen con un alt\u00edsimo nivel de calidad, cumpliendo con el marco de seguridad y salud operacional, reciclaje de materias primas, tratamiento adecuado de residuos y la prevenci\u00f3n de contaminaci\u00f3n a\u00e9rea y ac\u00fastica.<\/p>\n<\/div>\n\n\n\n<div class=\"wp-block-column is-layout-flow wp-block-column-is-layout-flow\" style=\"flex-basis:33.33%\"><\/div>\n<\/div>\n<\/div>\n\n\n<div class=\"wp-block-image has-animation has-scale-vertical\">\n<figure class=\"aligncenter size-full\"><img loading=\"lazy\" decoding=\"async\" width=\"1905\" height=\"1270\" src=\"https:\/\/www.jimenezgodoy.com\/es\/cms\/wp-content\/uploads\/2021\/11\/sostenibilidad.jpg\" alt=\"\" class=\"wp-image-3928\" srcset=\"https:\/\/www.jimenezgodoy.com\/es\/cms\/wp-content\/uploads\/2021\/11\/sostenibilidad.jpg 1905w, https:\/\/www.jimenezgodoy.com\/es\/cms\/wp-content\/uploads\/2021\/11\/sostenibilidad-300x200.jpg 300w, https:\/\/www.jimenezgodoy.com\/es\/cms\/wp-content\/uploads\/2021\/11\/sostenibilidad-1024x683.jpg 1024w, https:\/\/www.jimenezgodoy.com\/es\/cms\/wp-content\/uploads\/2021\/11\/sostenibilidad-768x512.jpg 768w, https:\/\/www.jimenezgodoy.com\/es\/cms\/wp-content\/uploads\/2021\/11\/sostenibilidad-1536x1024.jpg 1536w\" sizes=\"auto, (max-width: 1905px) 100vw, 1905px\" \/><\/figure>\n<\/div><\/div>\n\n\n\n<div class=\"wp-block-rayden-gutenberg-container ow_padding_top row_padding_bottom\" style=\"background-color:transparent;text-align:left\">\n<div style=\"height:100px\" aria-hidden=\"true\" class=\"wp-block-spacer\"><\/div>\n\n\n\n<h1 class=\"wp-block-heading has-text-align-center has-mask\" id=\"sostenibilidad-page\" style=\"font-size:60px\">Certificaciones<\/h1>\n\n\n\n<div style=\"height:40px\" aria-hidden=\"true\" class=\"wp-block-spacer\"><\/div>\n\n\n\n<div class=\"wp-block-columns are-vertically-aligned-center is-layout-flex wp-container-core-columns-is-layout-9d6595d7 wp-block-columns-is-layout-flex\" id=\"row_padding_all\">\n<div class=\"wp-block-column is-vertically-aligned-center is-layout-flow wp-block-column-is-layout-flow\" style=\"flex-basis:33.33%\"><div class=\"wp-block-image has-animation has-scale-vertical\">\n<figure class=\"aligncenter size-full is-resized\"><img loading=\"lazy\" decoding=\"async\" width=\"289\" height=\"289\" src=\"https:\/\/www.jimenezgodoy.com\/es\/cms\/wp-content\/uploads\/2021\/11\/certificaciones.jpg\" alt=\"\" class=\"wp-image-3779\" style=\"width:72px;height:72px\" srcset=\"https:\/\/www.jimenezgodoy.com\/es\/cms\/wp-content\/uploads\/2021\/11\/certificaciones.jpg 289w, https:\/\/www.jimenezgodoy.com\/es\/cms\/wp-content\/uploads\/2021\/11\/certificaciones-150x150.jpg 150w\" sizes=\"auto, (max-width: 289px) 100vw, 289px\" \/><\/figure>\n<\/div><\/div>\n\n\n\n<div class=\"wp-block-column is-vertically-aligned-center is-layout-flow wp-block-column-is-layout-flow\" style=\"flex-basis:66.66%\">\n<p class=\"has-animation\">La norma internacional ISO (International Organization for Standardization) estandariza el sistema de gesti\u00f3n de calidad de la empresa.<\/p>\n<\/div>\n<\/div>\n\n\n\n<hr class=\"white-line has-animation\">\n\n\n\n<div class=\"wp-block-columns are-vertically-aligned-center is-layout-flex wp-container-core-columns-is-layout-9d6595d7 wp-block-columns-is-layout-flex\" id=\"row_padding_all\">\n<div class=\"wp-block-column is-vertically-aligned-center is-layout-flow wp-block-column-is-layout-flow\" style=\"flex-basis:33.33%\"><\/div>\n\n\n\n<div class=\"wp-block-column is-vertically-aligned-center is-layout-flow wp-block-column-is-layout-flow\" style=\"flex-basis:66.66%\">\n<p class=\"has-animation\"><\/p>\n<\/div>\n<\/div>\n\n\n\n<hr class=\"white-line has-animation\">\n\n\n\n<div class=\"wp-block-columns are-vertically-aligned-center is-layout-flex wp-container-core-columns-is-layout-9d6595d7 wp-block-columns-is-layout-flex\" id=\"row_padding_all\">\n<div class=\"wp-block-column is-vertically-aligned-center is-layout-flow wp-block-column-is-layout-flow\" style=\"flex-basis:33.33%\"><div class=\"wp-block-image\">\n<figure class=\"aligncenter size-full is-resized\"><img loading=\"lazy\" decoding=\"async\" width=\"289\" height=\"399\" src=\"https:\/\/www.jimenezgodoy.com\/es\/cms\/wp-content\/uploads\/2024\/06\/certificado3.png\" alt=\"\" class=\"wp-image-4449\" style=\"width:157px;height:auto\" srcset=\"https:\/\/www.jimenezgodoy.com\/es\/cms\/wp-content\/uploads\/2024\/06\/certificado3.png 289w, https:\/\/www.jimenezgodoy.com\/es\/cms\/wp-content\/uploads\/2024\/06\/certificado3-217x300.png 217w\" sizes=\"auto, (max-width: 289px) 100vw, 289px\" \/><\/figure>\n<\/div><\/div>\n\n\n\n<div class=\"wp-block-column is-vertically-aligned-center is-layout-flow wp-block-column-is-layout-flow\" style=\"flex-basis:66.66%\">\n<p class=\"has-animation\">(Programme for the Endorsement of Forest Certification) es la certificaci\u00f3n de cadena de custodia que entrega una garant\u00eda verificada e independiente de que los productos con la etiqueta PEFC contienen material forestal certificado procedente de bosques gestionados de forma sostenible.<\/p>\n<\/div>\n<\/div>\n\n\n\n<div class=\"wp-block-columns are-vertically-aligned-center is-layout-flex wp-container-core-columns-is-layout-9d6595d7 wp-block-columns-is-layout-flex\" id=\"row_padding_all\">\n<div class=\"wp-block-column is-vertically-aligned-center is-layout-flow wp-block-column-is-layout-flow\" style=\"flex-basis:66.66%\"><\/div>\n<\/div>\n\n\n\n<div style=\"height:100px\" aria-hidden=\"true\" class=\"wp-block-spacer\"><\/div>\n\n\n\n<div class=\"wp-block-rayden-gutenberg-container medium home_text_final\" style=\"background-color:transparent;text-align:left\">\n<div class=\"wp-block-rayden-gutenberg-container row_padding_top row_padding_bottom\" style=\"background-color:transparent;padding-left:60px;padding-right:60px;text-align:left\">\n<h3 class=\"wp-block-heading has-text-align-center has-mask font_family_caption\">Nuestro compromiso con la Sostenibilidad se traduce\nen buscar &#8211; a trav\u00e9s de la innovaci\u00f3n &#8211; soluciones m\u00e1s respetuosas\ncon el medio ambiente, aplic\u00e1ndolas a todo el proceso\nproductivo que realizamos.<\/h3>\n<\/div>\n<\/div>\n<\/div>\n","protected":false},"template":"","portfolio_category":[27],"class_list":["post-3054","rayden_portfolio","type-rayden_portfolio","status-publish","hentry","portfolio_category-design"],"acf":[],"_links":{"self":[{"href":"https:\/\/www.jimenezgodoy.com\/es\/wp-json\/wp\/v2\/rayden_portfolio\/3054","targetHints":{"allow":["GET"]}}],"collection":[{"href":"https:\/\/www.jimenezgodoy.com\/es\/wp-json\/wp\/v2\/rayden_portfolio"}],"about":[{"href":"https:\/\/www.jimenezgodoy.com\/es\/wp-json\/wp\/v2\/types\/rayden_portfolio"}],"wp:attachment":[{"href":"https:\/\/www.jimenezgodoy.com\/es\/wp-json\/wp\/v2\/media?parent=3054"}],"wp:term":[{"taxonomy":"portfolio_category","embeddable":true,"href":"https:\/\/www.jimenezgodoy.com\/es\/wp-json\/wp\/v2\/portfolio_category?post=3054"}],"curies":[{"name":"wp","href":"https:\/\/api.w.org\/{rel}","templated":true}]}}